{"id":72,"date":"2020-04-23T20:18:03","date_gmt":"2020-04-23T18:18:03","guid":{"rendered":"https:\/\/kcaudio.de\/service2\/?page_id=72"},"modified":"2025-05-03T22:44:17","modified_gmt":"2025-05-03T21:44:17","slug":"leistungen","status":"publish","type":"page","link":"https:\/\/kcaudio.de\/service\/leistungen\/","title":{"rendered":"Leistungen"},"content":{"rendered":"\n<style type=\"text\/css\" data-created_by=\"avia_inline_auto\" id=\"style-css-av-k9epcs4j-c5f34c1b04e08defca771602bf466f82\">\n.avia-section.av-k9epcs4j-c5f34c1b04e08defca771602bf466f82{\nbackground-color:#ed9600;\nbackground:linear-gradient( to bottom, #ed9600, #edd5af );\n}\n<\/style>\n<div id='av_section_1'  class='avia-section av-k9epcs4j-c5f34c1b04e08defca771602bf466f82 alternate_color avia-section-default avia-no-border-styling  avia-builder-el-0  el_before_av_heading  avia-builder-el-first  avia-bg-style-scroll container_wrap fullsize'  ><div class='container av-section-cont-open' ><main  role=\"main\" itemprop=\"mainContentOfPage\"  class='template-page content  av-content-full alpha units'><div class='post-entry post-entry-type-page post-entry-72'><div class='entry-content-wrapper clearfix'>\n<section  class='av_textblock_section av-k9epid9d-4b94e75c9fb43a3c959643b03b831bf4 '   itemscope=\"itemscope\" itemtype=\"https:\/\/schema.org\/CreativeWork\" ><div class='avia_textblock'  itemprop=\"text\" ><h1>Leistungen<\/h1>\n<\/div><\/section>\n<\/div><\/div><\/main><!-- close content main element --><\/div><\/div><div id='after_section_1'  class='main_color av_default_container_wrap container_wrap fullsize'  ><div class='container av-section-cont-open' ><div class='template-page content  av-content-full alpha units'><div class='post-entry post-entry-type-page post-entry-72'><div class='entry-content-wrapper clearfix'>\n\n<style type=\"text\/css\" data-created_by=\"avia_inline_auto\" id=\"style-css-av-yiq4-05dbbb399dba905e9ed1d5cde2a98c79\">\n#top .av-special-heading.av-yiq4-05dbbb399dba905e9ed1d5cde2a98c79{\npadding-bottom:10px;\n}\nbody .av-special-heading.av-yiq4-05dbbb399dba905e9ed1d5cde2a98c79 .av-special-heading-tag .heading-char{\nfont-size:25px;\n}\n.av-special-heading.av-yiq4-05dbbb399dba905e9ed1d5cde2a98c79 .av-subheading{\nfont-size:15px;\n}\n<\/style>\n<div  class='av-special-heading av-yiq4-05dbbb399dba905e9ed1d5cde2a98c79 av-special-heading-h3  avia-builder-el-2  el_after_av_section  el_before_av_two_fifth  avia-builder-el-first  av-desktop-hide av-medium-hide av-small-hide av-mini-hide'><h3 class='av-special-heading-tag '  itemprop=\"headline\"  >Wir bieten Ihnen&#8230;<\/h3><div class=\"special-heading-border\"><div class=\"special-heading-inner-border\"><\/div><\/div><\/div>\n<div class='flex_column_table av-k9h6v3f8-4c9a0c0b9dcb0cbec1664c0a10d5dd92 sc-av_two_fifth av-equal-height-column-flextable'>\n<style type=\"text\/css\" data-created_by=\"avia_inline_auto\" id=\"style-css-av-k9h6v3f8-4c9a0c0b9dcb0cbec1664c0a10d5dd92\">\n.flex_column.av-k9h6v3f8-4c9a0c0b9dcb0cbec1664c0a10d5dd92{\nborder-radius:0px 0px 0px 0px;\npadding:0px 0px 0px 0px;\n}\n<\/style>\n<div  class='flex_column av-k9h6v3f8-4c9a0c0b9dcb0cbec1664c0a10d5dd92 av_two_fifth  avia-builder-el-3  el_after_av_heading  el_before_av_three_fifth  first flex_column_table_cell av-equal-height-column av-align-top av-zero-column-padding  '     ><style type=\"text\/css\" data-created_by=\"avia_inline_auto\" id=\"style-css-av-k9eqi920-9e27a0f6d8655b716e26a9c7f5dc96d9\">\n#top .avia-icon-list-container.av-k9eqi920-9e27a0f6d8655b716e26a9c7f5dc96d9 .iconlist_icon{\ncolor:#ed9600;\n}\n#top .avia-icon-list-container.av-k9eqi920-9e27a0f6d8655b716e26a9c7f5dc96d9 .iconlist_icon svg:first-child{\nstroke:#ed9600;\nfill:#ed9600;\n}\n<\/style>\n<div  class='avia-icon-list-container av-k9eqi920-9e27a0f6d8655b716e26a9c7f5dc96d9  avia-builder-el-4  avia-builder-el-no-sibling '><ul class='avia-icon-list avia_animate_when_almost_visible avia-icon-list-left av-iconlist-big av-k9eqi920-9e27a0f6d8655b716e26a9c7f5dc96d9 avia-iconlist-animate'>\n<li><a href='#ton' title='Tontechnik'  class='iconlist_icon av-c5pk-bc13b9b4ad4481f36291b327a9b543a5 avia-font-entypo-fontello avia-iconfont avia-font-entypo-fontello'><span class='av-icon-char' data-av_icon='\ue85e' data-av_iconfont='entypo-fontello' aria-hidden=\"true\"><\/span><\/a><article class=\"article-icon-entry av-iconlist-empty\"  itemscope=\"itemscope\" itemtype=\"https:\/\/schema.org\/CreativeWork\" ><div class=\"iconlist_content_wrap\"><header class=\"entry-content-header\" aria-label=\"Icon: &lt;a href=&#039;#ton&#039; title=&#039;Tontechnik&#039;&gt;Tontechnik&lt;\/a&gt;\"><h4 class='av_iconlist_title iconlist_title  '  itemprop=\"headline\" ><a href='#ton' title='Tontechnik'>Tontechnik<\/a><\/h4><\/header><div class='iconlist_content '  itemprop=\"text\" ><\/div><\/div><footer class=\"entry-footer\"><\/footer><\/article><div class=\"iconlist-timeline\"><\/div><\/li>\n<li><a href='#licht' title='Lichttechnik'  class='iconlist_icon av-2m56c-b568d0688a720bb11bba87978d0c106b avia-font-entypo-fontello avia-iconfont avia-font-entypo-fontello'><span class='av-icon-char' data-av_icon='\ue864' data-av_iconfont='entypo-fontello' aria-hidden=\"true\"><\/span><\/a><article class=\"article-icon-entry av-iconlist-empty\"  itemscope=\"itemscope\" itemtype=\"https:\/\/schema.org\/CreativeWork\" ><div class=\"iconlist_content_wrap\"><header class=\"entry-content-header\" aria-label=\"Icon: &lt;a href=&#039;#licht&#039; title=&#039;Lichttechnik&#039;&gt;Lichttechnik&lt;\/a&gt;\"><h4 class='av_iconlist_title iconlist_title  '  itemprop=\"headline\" ><a href='#licht' title='Lichttechnik'>Lichttechnik<\/a><\/h4><\/header><div class='iconlist_content '  itemprop=\"text\" ><\/div><\/div><footer class=\"entry-footer\"><\/footer><\/article><div class=\"iconlist-timeline\"><\/div><\/li>\n<li><a href='#rigging' title='B\u00fchnensystem &amp; Rigging'  class='iconlist_icon av-20fdw-5063f13fb2449cd27a5ee58f8d5c3af1 avia-font-entypo-fontello avia-iconfont avia-font-entypo-fontello'><span class='av-icon-char' data-av_icon='\ue856' data-av_iconfont='entypo-fontello' aria-hidden=\"true\"><\/span><\/a><article class=\"article-icon-entry av-iconlist-empty\"  itemscope=\"itemscope\" itemtype=\"https:\/\/schema.org\/CreativeWork\" ><div class=\"iconlist_content_wrap\"><header class=\"entry-content-header\" aria-label=\"Icon: &lt;a href=&#039;#rigging&#039; title=&#039;B\u00fchnensystem &amp; Rigging&#039;&gt;B\u00fchnensystem &amp; Rigging&lt;\/a&gt;\"><h4 class='av_iconlist_title iconlist_title  '  itemprop=\"headline\" ><a href='#rigging' title='B\u00fchnensystem &amp; Rigging'>B\u00fchnensystem & Rigging<\/a><\/h4><\/header><div class='iconlist_content '  itemprop=\"text\" ><\/div><\/div><footer class=\"entry-footer\"><\/footer><\/article><div class=\"iconlist-timeline\"><\/div><\/li>\n<li><a href='#konferenz' title='Konferenztechnik'  class='iconlist_icon av-25mnk-bc1e8c8bfc96a9e93c9850a7c5f94693 avia-font-entypo-fontello avia-iconfont avia-font-entypo-fontello'><span class='av-icon-char' data-av_icon='\ue83c' data-av_iconfont='entypo-fontello' aria-hidden=\"true\"><\/span><\/a><article class=\"article-icon-entry av-iconlist-empty\"  itemscope=\"itemscope\" itemtype=\"https:\/\/schema.org\/CreativeWork\" ><div class=\"iconlist_content_wrap\"><header class=\"entry-content-header\" aria-label=\"Icon: &lt;a href=&#039;#konferenz&#039; title=&#039;Konferenztechnik&#039;&gt;Konferenztechnik&lt;\/a&gt;\"><h4 class='av_iconlist_title iconlist_title  '  itemprop=\"headline\" ><a href='#konferenz' title='Konferenztechnik'>Konferenztechnik<\/a><\/h4><\/header><div class='iconlist_content '  itemprop=\"text\" ><\/div><\/div><footer class=\"entry-footer\"><\/footer><\/article><div class=\"iconlist-timeline\"><\/div><\/li>\n<li><a href='#video' title='Videotechnik'  class='iconlist_icon av-1brvw-f392a6b2ffe733117dde178d20ffd925 avia-font-entypo-fontello avia-iconfont avia-font-entypo-fontello'><span class='av-icon-char' data-av_icon='\ue80f' data-av_iconfont='entypo-fontello' aria-hidden=\"true\"><\/span><\/a><article class=\"article-icon-entry av-iconlist-empty\"  itemscope=\"itemscope\" itemtype=\"https:\/\/schema.org\/CreativeWork\" ><div class=\"iconlist_content_wrap\"><header class=\"entry-content-header\" aria-label=\"Icon: &lt;a href=&#039;#video&#039; title=&#039;Videotechnik&#039;&gt;Videotechnik&lt;\/a&gt;\"><h4 class='av_iconlist_title iconlist_title  '  itemprop=\"headline\" ><a href='#video' title='Videotechnik'>Videotechnik<\/a><\/h4><\/header><div class='iconlist_content '  itemprop=\"text\" ><\/div><\/div><footer class=\"entry-footer\"><\/footer><\/article><div class=\"iconlist-timeline\"><\/div><\/li>\n<li><a href='#energie' title='Energietechnik'  class='iconlist_icon av-10bgo-0789007b4b02ed7c9967d33c7afd4f18 avia-font-entypo-fontello avia-iconfont avia-font-entypo-fontello'><span class='av-icon-char' data-av_icon='\ue8b4' data-av_iconfont='entypo-fontello' aria-hidden=\"true\"><\/span><\/a><article class=\"article-icon-entry av-iconlist-empty\"  itemscope=\"itemscope\" itemtype=\"https:\/\/schema.org\/CreativeWork\" ><div class=\"iconlist_content_wrap\"><header class=\"entry-content-header\" aria-label=\"Icon: &lt;a href=&#039;#energie&#039; title=&#039;Energietechnik&#039;&gt;Energietechnik&lt;\/a&gt;\"><h4 class='av_iconlist_title iconlist_title  '  itemprop=\"headline\" ><a href='#energie' title='Energietechnik'>Energietechnik<\/a><\/h4><\/header><div class='iconlist_content '  itemprop=\"text\" ><\/div><\/div><footer class=\"entry-footer\"><\/footer><\/article><div class=\"iconlist-timeline\"><\/div><\/li>\n<\/ul><\/div><\/div>\n<div class='av-flex-placeholder'><\/div>\n<style type=\"text\/css\" data-created_by=\"avia_inline_auto\" id=\"style-css-av-1kp9c-25a7f81524501be3b6261ecdceb5a53b\">\n@keyframes av_boxShadowEffect_av-1kp9c-25a7f81524501be3b6261ecdceb5a53b-column {\n0%   { box-shadow:  0 0 0 0 #000000; opacity: 1; }\n100% { box-shadow:  0 0 10px 0 #000000; opacity: 1; }\n}\n.flex_column.av-1kp9c-25a7f81524501be3b6261ecdceb5a53b{\nbox-shadow: 0 0 10px 0 #000000;\nborder-width:1px;\nborder-style:solid;\nborder-radius:3px 3px 3px 3px;\npadding:30px 30px 30px 30px;\nbackground-color:#353535;\n}\n<\/style>\n<div  class='flex_column av-1kp9c-25a7f81524501be3b6261ecdceb5a53b av_three_fifth  avia-builder-el-5  el_after_av_two_fifth  el_before_av_hr  flex_column_table_cell av-equal-height-column av-align-top shadow-not-animated  '     ><style type=\"text\/css\" data-created_by=\"avia_inline_auto\" id=\"style-css-av-r27g-817529b29139d25d09ec935739d1c1aa\">\n#top .av_textblock_section.av-r27g-817529b29139d25d09ec935739d1c1aa .avia_textblock{\ncolor:#ffffff;\n}\n<\/style>\n<section  class='av_textblock_section av-r27g-817529b29139d25d09ec935739d1c1aa '   itemscope=\"itemscope\" itemtype=\"https:\/\/schema.org\/CreativeWork\" ><div class='avia_textblock av_inherit_color'  itemprop=\"text\" ><h4><strong>Vermietung &#038;<\/strong><strong> Bedienung:<\/strong><\/h4>\n<p>Wir vermieten alle erforderlichen technischen Ger\u00e4te f\u00fcr Ihre Veranstaltung. Diese werden von unserem geschulten und qualifizierten Fachpersonal w\u00e4hrend der Veranstaltung bedient.<\/p>\n<h4>Verkauf:<\/h4>\n<p>Wir vermieten nicht nur Event- bzw. Veranstaltungstechnik &#8211; Sie k\u00f6nnen bei uns auch direkt kaufen. Wir beraten unsere Kunden zu hochwertiger Marken-Technik. Eine Anfrage per eMail oder Telefon zum jeweiligen Produkt beantworten wir gerne.<\/p>\n<h4>Festinstallation:<\/h4>\n<p>Wir \u00fcbernehmen die Planung &#038; Installation von Technik wie zum Beispiel in Diskotheken, Event Locations oder Konferenzr\u00e4umen. Spezial L\u00f6sungen sind unser Leidenschaft.<\/p>\n<h4>Wartung &#038; Reparatur:<\/h4>\n<p>Unser geschultes Personal f\u00fchrt eine Vielzahl von Wartungs-, Instandsetzungs- sowie Erneuerungsarbeiten an Ihrer Veranstaltungstechnik durch. Wie zum Beispiel die DGUV V3 &#8211; &#8222;Elektropr\u00fcfung&#8220; oder das &#8222;Einmessen&#8220; Ihrer Beschallungsanlage.<\/p>\n<\/div><\/section><\/div><\/div><!--close column table wrapper. Autoclose: 1 -->\n\n<style type=\"text\/css\" data-created_by=\"avia_inline_auto\" id=\"style-css-av-k9flub4v-618d2a88b7e02e52e0e605bfe6c45ba5\">\n#top .hr.hr-invisible.av-k9flub4v-618d2a88b7e02e52e0e605bfe6c45ba5{\nheight:100px;\n}\n<\/style>\n<div  class='hr av-k9flub4v-618d2a88b7e02e52e0e605bfe6c45ba5 hr-invisible  avia-builder-el-7  el_after_av_three_fifth  el_before_av_hr  av-medium-hide av-small-hide av-mini-hide'><span class='hr-inner '><span class=\"hr-inner-style\"><\/span><\/span><\/div>\n\n<style type=\"text\/css\" data-created_by=\"avia_inline_auto\" id=\"style-css-av-k9evnmbv-b929d724753444c6f7868012368c62f6\">\n#top .hr.hr-invisible.av-k9evnmbv-b929d724753444c6f7868012368c62f6{\nheight:100px;\n}\n<\/style>\n<div  class='hr av-k9evnmbv-b929d724753444c6f7868012368c62f6 hr-invisible  avia-builder-el-8  el_after_av_hr  el_before_av_section  avia-builder-el-last  av-mini-hide'><span class='hr-inner '><span class=\"hr-inner-style\"><\/span><\/span><\/div>\n<\/div><\/div><\/div><!-- close content main div --><\/div><\/div>\n<style type=\"text\/css\" data-created_by=\"avia_inline_auto\" id=\"style-css-av-k9eux78w-e96a2e10a93ef567cd6df6fd25bcada8\">\n.avia-section.av-k9eux78w-e96a2e10a93ef567cd6df6fd25bcada8{\nbackground-repeat:no-repeat;\nbackground-image:url(https:\/\/kcaudio.de\/service\/wp-content\/uploads\/background-3017167_1920.jpg);\nbackground-position:50% 50%;\nbackground-attachment:fixed;\n}\n.avia-section.av-k9eux78w-e96a2e10a93ef567cd6df6fd25bcada8 .av-section-color-overlay{\nopacity:0.6;\nbackground-color:#edcfa3;\n}\n<\/style>\n<div id='av_section_2'  class='avia-section av-k9eux78w-e96a2e10a93ef567cd6df6fd25bcada8 main_color avia-section-default avia-no-border-styling  avia-builder-el-9  el_after_av_hr  avia-builder-el-last  avia-bg-style-fixed av-section-color-overlay-active container_wrap fullsize'  data-section-bg-repeat='no-repeat'><div class=\"av-section-color-overlay-wrap\"><div class=\"av-section-color-overlay\"><\/div><div class='container av-section-cont-open' ><div class='template-page content  av-content-full alpha units'><div class='post-entry post-entry-type-page post-entry-72'><div class='entry-content-wrapper clearfix'>\n\n<style type=\"text\/css\" data-created_by=\"avia_inline_auto\" id=\"style-css-av-k9d37z4t-a95eb313579697da61b0f01fbe35e554\">\n#top .av_textblock_section.av-k9d37z4t-a95eb313579697da61b0f01fbe35e554 .avia_textblock{\ncolor:#000000;\n}\n<\/style>\n<section  class='av_textblock_section av-k9d37z4t-a95eb313579697da61b0f01fbe35e554 '   itemscope=\"itemscope\" itemtype=\"https:\/\/schema.org\/CreativeWork\" ><div class='avia_textblock av_inherit_color'  itemprop=\"text\" >\n<style type=\"text\/css\" data-created_by=\"avia_inline_auto\" id=\"style-css-av-5c3vg-3a35b26fc4af55aba1af49b5fda144a7\">\n.av_font_icon.av-5c3vg-3a35b26fc4af55aba1af49b5fda144a7 .av-icon-char{\nfont-size:20px;\nline-height:20px;\n}\n<\/style>\n<span  class='av_font_icon av-5c3vg-3a35b26fc4af55aba1af49b5fda144a7 avia_animate_when_visible av-icon-style- avia-icon-pos-left avia-iconfont avia-font-entypo-fontello av-no-color avia-icon-animate'><span class='av-icon-char' data-av_icon='\ue85e' data-av_iconfont='entypo-fontello' aria-hidden=\"true\" ><\/span><\/span>\n<h3 id=\"ton\">Tontechnik<\/h3>\n<p>Wir bringen Ihrem Publikum Bands, Solo-K\u00fcnstler, DJ`s, Moderatoren u.v.m. akustisch direkt ins Ohr. Wir k\u00f6nnen druckvoll, aber auch jederzeit f\u00fcr leise und sogar leiseste T\u00f6ne sorgen, wenn es das Projekt erfordert. Die Umsetzung einer glasklar erlebbaren H\u00f6rbuchlesung oder einer jederzeit differenziert verfolgbaren Podiumsdiskussion beherrschen wir ebenso wie die komplexe Inszenierung eines Orchesters oder eines Rockkonzerts. Wir bieten Ihnen umfassendes Beschallungs-Equipment zusammen mit Mikrofonen f\u00fcr jede Situation und jedes Einsatzgebiet, sowie eine Auswahl an digitalen &#038; analogen Mischpulten. F\u00fcr kristallklaren und transparenten Sound arbeiten wir mit Produkten von Allen&#038;Heath, TWAudio, Powersoft, Sennheiser, Shure, Neumann und Seeburg.<\/p>\n<hr \/>\n\n<style type=\"text\/css\" data-created_by=\"avia_inline_auto\" id=\"style-css-av-4h6dc-f4f9e9e24169df4ed437a9cc2b9c3d51\">\n.av_font_icon.av-4h6dc-f4f9e9e24169df4ed437a9cc2b9c3d51 .av-icon-char{\nfont-size:20px;\nline-height:20px;\n}\n<\/style>\n<span  class='av_font_icon av-4h6dc-f4f9e9e24169df4ed437a9cc2b9c3d51 avia_animate_when_visible av-icon-style- avia-icon-pos-left avia-iconfont avia-font-entypo-fontello av-no-color avia-icon-animate'><span class='av-icon-char' data-av_icon='\ue864' data-av_iconfont='entypo-fontello' aria-hidden=\"true\" ><\/span><\/span>\n<h3 id=\"licht\">Lichttechnik<\/h3>\n<p>Nichts beeinflusst die sensorische Wahrnehmung von Objekten, R\u00e4umen, Fl\u00e4chen und Szenarien so sehr, wie es Licht tut. Wir \u00fcbernehmen Lichtdesign, Lichtplanung und technische Umsetzung f\u00fcr Ihr Event. Wir bieten Ihnen von Ambiente-Beleuchtung \u00fcber exakte Objektbeleuchtung bis hin zur effektvollen Lichtshow f\u00fcrs OpenAir Konzert an. Unsere Lichttechnik setzt Produkte von JB-Lighting, Martin, MA Lighting und vielen weiteren Herstellern ein.<\/p>\n<hr \/>\n\n<style type=\"text\/css\" data-created_by=\"avia_inline_auto\" id=\"style-css-av-z7q4-675e34493f2d1406ab0a6d8ef779ff42\">\n.av_font_icon.av-z7q4-675e34493f2d1406ab0a6d8ef779ff42 .av-icon-char{\nfont-size:20px;\nline-height:20px;\n}\n<\/style>\n<span  class='av_font_icon av-z7q4-675e34493f2d1406ab0a6d8ef779ff42 avia_animate_when_visible av-icon-style- avia-icon-pos-left avia-iconfont avia-font-entypo-fontello av-no-color avia-icon-animate'><span class='av-icon-char' data-av_icon='\ue856' data-av_iconfont='entypo-fontello' aria-hidden=\"true\" ><\/span><\/span>\n<h3 id=\"rigging\">B\u00fchnensystem &#038; Rigging<\/h3>\n<p>Geben Sie sich oder Ihren K\u00fcnstlern eine B\u00fchne. Wir bauen Ihnen Podeste mit oder ohne \u00dcberdachung in den verschiedensten Gr\u00f6\u00dfen auf. Wenn etwas h\u00e4ngen, halten oder gest\u00fctzt werden muss, kommen Traversensysteme ins Spiel. Damit f\u00e4llt Ihnen sozusagen eine tragende Rolle im Event-Business zu. F\u00fcr unsere B\u00fchnen oder im Rigging kommen Produkte folgender Hersteller zum Einsatz: Litec, Nivtec, Global Truss und weitere.<\/p>\n<hr \/>\n\n<style type=\"text\/css\" data-created_by=\"avia_inline_auto\" id=\"style-css-av-41ql0-04af76ddbf3067f249deccc698287881\">\n.av_font_icon.av-41ql0-04af76ddbf3067f249deccc698287881 .av-icon-char{\nfont-size:20px;\nline-height:20px;\n}\n<\/style>\n<span  class='av_font_icon av-41ql0-04af76ddbf3067f249deccc698287881 avia_animate_when_visible av-icon-style- avia-icon-pos-left avia-iconfont avia-font-entypo-fontello av-no-color avia-icon-animate'><span class='av-icon-char' data-av_icon='\ue83c' data-av_iconfont='entypo-fontello' aria-hidden=\"true\" ><\/span><\/span>\n<h3 id=\"konferenz\">Konferenztechnik<\/h3>\n<p>F\u00fcr Betriebsratsitzungen, Videositzungen oder Jahreshauptversammlungen haben wir f\u00fcr Sie die passende Technik. Wie zum Beispiel: Tischmikrofone, Lautsprechersysteme, Beamer usw.<\/p>\n<hr \/>\n\n<style type=\"text\/css\" data-created_by=\"avia_inline_auto\" id=\"style-css-av-334zc-2a9ad6b24a0f69bef365389760f0ee3d\">\n.av_font_icon.av-334zc-2a9ad6b24a0f69bef365389760f0ee3d .av-icon-char{\nfont-size:20px;\nline-height:20px;\n}\n<\/style>\n<span  class='av_font_icon av-334zc-2a9ad6b24a0f69bef365389760f0ee3d avia_animate_when_visible av-icon-style- avia-icon-pos-left avia-iconfont avia-font-entypo-fontello av-no-color avia-icon-animate'><span class='av-icon-char' data-av_icon='\ue80f' data-av_iconfont='entypo-fontello' aria-hidden=\"true\" ><\/span><\/span>\n<h3 id=\"video\">Videotechnik<\/h3>\n<p>Als unterst\u00fctzendes Medium bei Gro\u00dfveranstaltungen oder zur gezielten emotionalen Verankerung von Markenbotschaften \u00fcber eine beeindruckende visuelle Pr\u00e4sentation \u2013 Bilder unterhalten, Bilder bewegen, Bilder bleiben im Kopf. Perfekt f\u00fcr Produkt- oder Firmenpr\u00e4sentationen.<\/p>\n<hr \/>\n\n<style type=\"text\/css\" data-created_by=\"avia_inline_auto\" id=\"style-css-av-2kp8w-543f9ea90ba2cd7564f1884e8627f84e\">\n.av_font_icon.av-2kp8w-543f9ea90ba2cd7564f1884e8627f84e .av-icon-char{\nfont-size:20px;\nline-height:20px;\n}\n<\/style>\n<span  class='av_font_icon av-2kp8w-543f9ea90ba2cd7564f1884e8627f84e avia_animate_when_visible av-icon-style- avia-icon-pos-left avia-iconfont avia-font-entypo-fontello av-no-color avia-icon-animate'><span class='av-icon-char' data-av_icon='\ue8b4' data-av_iconfont='entypo-fontello' aria-hidden=\"true\" ><\/span><\/span>\n<h3 id=\"energie\">Energietechnik<\/h3>\n<p>Wir \u00fcbernehmen die Planung, Errichtung &#038; den Betrieb von Energie- und Stromversorgung auf Ihrem Event. Von kleinen Schuko Verteilungen \u00fcber 3 Phasenwechselstrom Verteilungen bis hin zu 400 A Powerlockverteilern. F\u00fcr eine maximale Sicherheit planen wir mit hohem Ausfallschutz. Wir bieten auch Not- &#038; Sicherheitsbeleuchtung sowie Stromaggregate an.<\/p>\n<hr \/>\n\n<style type=\"text\/css\" data-created_by=\"avia_inline_auto\" id=\"style-css-av-1yi90-0c305c873ffc0e9cbac69d0e16341df2\">\n.av_font_icon.av-1yi90-0c305c873ffc0e9cbac69d0e16341df2 .av-icon-char{\nfont-size:20px;\nline-height:20px;\n}\n<\/style>\n<span  class='av_font_icon av-1yi90-0c305c873ffc0e9cbac69d0e16341df2 avia_animate_when_visible av-icon-style- avia-icon-pos-left avia-iconfont avia-font-entypo-fontello av-no-color avia-icon-animate'><span class='av-icon-char' data-av_icon='\ue80b' data-av_iconfont='entypo-fontello' aria-hidden=\"true\" ><\/span><\/span>\n<h3 id=\"personal\">Fachpersonal<\/h3>\n<p>Mit unserem Team &#038; unseren Partnern stellen wir geschultes Fachpersonal f\u00fcr Ihr Event bereit. Dies kann auch einzeln gebucht werden: Techniker, Roadies oder Stagehands.<\/p>\n<hr \/>\n\n<style type=\"text\/css\" data-created_by=\"avia_inline_auto\" id=\"style-css-av-1djmc-065ace9af1b665320d19ea44a322daaf\">\n.av_font_icon.av-1djmc-065ace9af1b665320d19ea44a322daaf .av-icon-char{\nfont-size:20px;\nline-height:20px;\n}\n<\/style>\n<span  class='av_font_icon av-1djmc-065ace9af1b665320d19ea44a322daaf avia_animate_when_visible av-icon-style- avia-icon-pos-left avia-iconfont avia-font-entypo-fontello av-no-color avia-icon-animate'><span class='av-icon-char' data-av_icon='\ue891' data-av_iconfont='entypo-fontello' aria-hidden=\"true\" ><\/span><\/span>\n<h3 id=\"dry-hire\">Dry-Hire<\/h3>\n<p>Wir bieten f\u00fcr unsere Partner einen Dry-Hire Verleihservice an. Ein gro\u00dfes Netzwerk an Kooperationen macht es uns m\u00f6glich, dass Sie \u00fcber uns viele verschiedene Hersteller &#038; Ger\u00e4te, auch in gro\u00dfer St\u00fcckzahl direkt mieten k\u00f6nnen. Sprechen Sie uns an! Unsere Marken f\u00fcr Dry-Hire: Allen &#038; Heath, Sennheiser, Shure, Powersoft, TWAudio, Nivtec, Litec, Global Truss, Yamaha, JB-Lighting und vieles mehr. <a href=\"\/service\/leistungen\/dry-hire\/\">Weitere Informationen<\/a><\/p>\n<hr \/>\n\n<style type=\"text\/css\" data-created_by=\"avia_inline_auto\" id=\"style-css-av-1rxoc-f167d1b141dfcd6593b461de59878e35\">\n.av_font_icon.av-1rxoc-f167d1b141dfcd6593b461de59878e35 .av-icon-char{\nfont-size:20px;\nline-height:20px;\n}\n<\/style>\n<span  class='av_font_icon av-1rxoc-f167d1b141dfcd6593b461de59878e35 avia_animate_when_visible av-icon-style- avia-icon-pos-left avia-iconfont avia-font-entypo-fontello av-no-color avia-icon-animate'><span class='av-icon-char' data-av_icon='\ue8d8' data-av_iconfont='entypo-fontello' aria-hidden=\"true\" ><\/span><\/span>\n<h3 id=\"vermittlung\">K\u00fcnstlervermittlung<\/h3>\n<p>Seit den Anf\u00e4ngen von KC:audio vermitteln wir schon Discjockeys, Entertainer, Moderatoren, Live-S\u00e4nger, Solo-K\u00fcnstler, Dous, Trios und Bands. Aber auch Fotografen, Trauredner, Catering, Event Kinderbetreuung, Festzeltgarnituren, und vieles mehr. Dabei arbeiten wir eng mit unserem Partner, der <a href=\"https:\/\/www.earwig-vermittlung.de\/\" target=\"_blank\" rel=\"noopener\">Earwig K\u00fcnstlervermittlung<\/a> zusammen. Sprechen Sie uns an!<\/p>\n<hr \/>\n\n<style type=\"text\/css\" data-created_by=\"avia_inline_auto\" id=\"style-css-av-13058-876e7aeb8471c35a009023d16066e5b4\">\n.av_font_icon.av-13058-876e7aeb8471c35a009023d16066e5b4 .av-icon-char{\nfont-size:20px;\nline-height:20px;\n}\n<\/style>\n<span  class='av_font_icon av-13058-876e7aeb8471c35a009023d16066e5b4 avia_animate_when_visible av-icon-style- avia-icon-pos-left avia-iconfont avia-font-entypo-fontello av-no-color avia-icon-animate'><span class='av-icon-char' data-av_icon='\ue858' data-av_iconfont='entypo-fontello' aria-hidden=\"true\" ><\/span><\/span>\n<h3 id=\"eventplanung\">Eventplanung<\/h3>\n<p>Sie w\u00fcnschen sich eine exklusive Hochzeitsgala mit dem gewissen Extra oder planen ein \u00f6ffentliches Event? Aber sind sich noch nicht sicher, welche Teilgewerke und Dienstleistungen ben\u00f6tigt werden? Dann sprechen Sie mit uns \u00fcber Ihre Ideen! Wir setzen Ihre W\u00fcnsche &#038; Vorstellungen in ein Mega-Event um. Von Eintrittskarten, Flyer &#038; Plakaten \u00fcber ein Sicherheitskonzept und Energieversorgung bis hin zum Catering, Beschallungs- &#038; Beleuchtungssystem und den passenden K\u00fcnstlern.<\/p>\n<\/div><\/section>\n\n","protected":false},"excerpt":{"rendered":"","protected":false},"author":3,"featured_media":65,"parent":0,"menu_order":0,"comment_status":"closed","ping_status":"closed","template":"","meta":{"footnotes":""},"class_list":["post-72","page","type-page","status-publish","has-post-thumbnail","hentry"],"yoast_head":"<!-- This site is optimized with the Yoast SEO plugin v27.5 - https:\/\/yoast.com\/product\/yoast-seo-wordpress\/ -->\n<title>Leistungen &#187; KC:audio Veranstaltungstechnik mit Lager in Gr\u00fcndau<\/title>\n<meta name=\"description\" content=\"Alle Leistungen rund um Licht- &amp; Tontechnik, Konferenztechnik, Videotechnik, Energietechnik, Fachpersonal und Dry-Hire im Main-Kinzig-Kreis.\" \/>\n<meta name=\"robots\" content=\"index, follow, max-snippet:-1, max-image-preview:large, max-video-preview:-1\" \/>\n<link rel=\"canonical\" href=\"https:\/\/kcaudio.de\/service\/leistungen\/\" \/>\n<meta property=\"og:locale\" content=\"de_DE\" \/>\n<meta property=\"og:type\" content=\"article\" \/>\n<meta property=\"og:title\" content=\"Leistungen &#187; KC:audio Veranstaltungstechnik mit Lager in Gr\u00fcndau\" \/>\n<meta property=\"og:description\" content=\"Alle Leistungen rund um Licht- &amp; Tontechnik, Konferenztechnik, Videotechnik, Energietechnik, Fachpersonal und Dry-Hire im Main-Kinzig-Kreis.\" \/>\n<meta property=\"og:url\" content=\"https:\/\/kcaudio.de\/service\/leistungen\/\" \/>\n<meta property=\"og:site_name\" content=\"KC:audio Veranstaltungstechnik\" \/>\n<meta property=\"article:publisher\" content=\"https:\/\/facebook.com\/TonLichtService\" \/>\n<meta property=\"article:modified_time\" content=\"2025-05-03T21:44:17+00:00\" \/>\n<meta property=\"og:image\" content=\"https:\/\/kcaudio.de\/service\/wp-content\/uploads\/WEB_0517264-32-large.png\" \/>\n\t<meta property=\"og:image:width\" content=\"1000\" \/>\n\t<meta property=\"og:image:height\" content=\"586\" \/>\n\t<meta property=\"og:image:type\" content=\"image\/png\" \/>\n<meta name=\"twitter:card\" content=\"summary_large_image\" \/>\n<meta name=\"twitter:label1\" content=\"Gesch\u00e4tzte Lesezeit\" \/>\n\t<meta name=\"twitter:data1\" content=\"4\u00a0Minuten\" \/>\n<script type=\"application\/ld+json\" class=\"yoast-schema-graph\">{\"@context\":\"https:\\\/\\\/schema.org\",\"@graph\":[{\"@type\":\"WebPage\",\"@id\":\"https:\\\/\\\/kcaudio.de\\\/service\\\/leistungen\\\/\",\"url\":\"https:\\\/\\\/kcaudio.de\\\/service\\\/leistungen\\\/\",\"name\":\"Leistungen &#187; KC:audio Veranstaltungstechnik mit Lager in Gr\u00fcndau\",\"isPartOf\":{\"@id\":\"https:\\\/\\\/kcaudio.de\\\/service\\\/#website\"},\"primaryImageOfPage\":{\"@id\":\"https:\\\/\\\/kcaudio.de\\\/service\\\/leistungen\\\/#primaryimage\"},\"image\":{\"@id\":\"https:\\\/\\\/kcaudio.de\\\/service\\\/leistungen\\\/#primaryimage\"},\"thumbnailUrl\":\"https:\\\/\\\/kcaudio.de\\\/service\\\/wp-content\\\/uploads\\\/WEB_0517264-32-large.png\",\"datePublished\":\"2020-04-23T18:18:03+00:00\",\"dateModified\":\"2025-05-03T21:44:17+00:00\",\"description\":\"Alle Leistungen rund um Licht- & Tontechnik, Konferenztechnik, Videotechnik, Energietechnik, Fachpersonal und Dry-Hire im Main-Kinzig-Kreis.\",\"breadcrumb\":{\"@id\":\"https:\\\/\\\/kcaudio.de\\\/service\\\/leistungen\\\/#breadcrumb\"},\"inLanguage\":\"de\",\"potentialAction\":[{\"@type\":\"ReadAction\",\"target\":[\"https:\\\/\\\/kcaudio.de\\\/service\\\/leistungen\\\/\"]}]},{\"@type\":\"ImageObject\",\"inLanguage\":\"de\",\"@id\":\"https:\\\/\\\/kcaudio.de\\\/service\\\/leistungen\\\/#primaryimage\",\"url\":\"https:\\\/\\\/kcaudio.de\\\/service\\\/wp-content\\\/uploads\\\/WEB_0517264-32-large.png\",\"contentUrl\":\"https:\\\/\\\/kcaudio.de\\\/service\\\/wp-content\\\/uploads\\\/WEB_0517264-32-large.png\",\"width\":1000,\"height\":586},{\"@type\":\"BreadcrumbList\",\"@id\":\"https:\\\/\\\/kcaudio.de\\\/service\\\/leistungen\\\/#breadcrumb\",\"itemListElement\":[{\"@type\":\"ListItem\",\"position\":1,\"name\":\"Home\",\"item\":\"https:\\\/\\\/kcaudio.de\\\/service\\\/home\\\/\"},{\"@type\":\"ListItem\",\"position\":2,\"name\":\"Leistungen\"}]},{\"@type\":\"WebSite\",\"@id\":\"https:\\\/\\\/kcaudio.de\\\/service\\\/#website\",\"url\":\"https:\\\/\\\/kcaudio.de\\\/service\\\/\",\"name\":\"KC:audio Veranstaltungstechnik\",\"description\":\"Veranstaltungstechnik im Rhein Main Gebiet\",\"publisher\":{\"@id\":\"https:\\\/\\\/kcaudio.de\\\/service\\\/#organization\"},\"potentialAction\":[{\"@type\":\"SearchAction\",\"target\":{\"@type\":\"EntryPoint\",\"urlTemplate\":\"https:\\\/\\\/kcaudio.de\\\/service\\\/?s={search_term_string}\"},\"query-input\":{\"@type\":\"PropertyValueSpecification\",\"valueRequired\":true,\"valueName\":\"search_term_string\"}}],\"inLanguage\":\"de\"},{\"@type\":\"Organization\",\"@id\":\"https:\\\/\\\/kcaudio.de\\\/service\\\/#organization\",\"name\":\"KC:audio\",\"url\":\"https:\\\/\\\/kcaudio.de\\\/service\\\/\",\"logo\":{\"@type\":\"ImageObject\",\"inLanguage\":\"de\",\"@id\":\"https:\\\/\\\/kcaudio.de\\\/service\\\/#\\\/schema\\\/logo\\\/image\\\/\",\"url\":\"https:\\\/\\\/kcaudio.de\\\/service\\\/wp-content\\\/uploads\\\/web_youtube_head-gs-opti.jpg\",\"contentUrl\":\"https:\\\/\\\/kcaudio.de\\\/service\\\/wp-content\\\/uploads\\\/web_youtube_head-gs-opti.jpg\",\"width\":1500,\"height\":844,\"caption\":\"KC:audio\"},\"image\":{\"@id\":\"https:\\\/\\\/kcaudio.de\\\/service\\\/#\\\/schema\\\/logo\\\/image\\\/\"},\"sameAs\":[\"https:\\\/\\\/facebook.com\\\/TonLichtService\",\"https:\\\/\\\/www.instagram.com\\\/kcaudio_eventtechnik\\\/\"]}]}<\/script>\n<!-- \/ Yoast SEO plugin. -->","yoast_head_json":{"title":"Leistungen &#187; KC:audio Veranstaltungstechnik mit Lager in Gr\u00fcndau","description":"Alle Leistungen rund um Licht- & Tontechnik, Konferenztechnik, Videotechnik, Energietechnik, Fachpersonal und Dry-Hire im Main-Kinzig-Kreis.","robots":{"index":"index","follow":"follow","max-snippet":"max-snippet:-1","max-image-preview":"max-image-preview:large","max-video-preview":"max-video-preview:-1"},"canonical":"https:\/\/kcaudio.de\/service\/leistungen\/","og_locale":"de_DE","og_type":"article","og_title":"Leistungen &#187; KC:audio Veranstaltungstechnik mit Lager in Gr\u00fcndau","og_description":"Alle Leistungen rund um Licht- & Tontechnik, Konferenztechnik, Videotechnik, Energietechnik, Fachpersonal und Dry-Hire im Main-Kinzig-Kreis.","og_url":"https:\/\/kcaudio.de\/service\/leistungen\/","og_site_name":"KC:audio Veranstaltungstechnik","article_publisher":"https:\/\/facebook.com\/TonLichtService","article_modified_time":"2025-05-03T21:44:17+00:00","og_image":[{"width":1000,"height":586,"url":"https:\/\/kcaudio.de\/service\/wp-content\/uploads\/WEB_0517264-32-large.png","type":"image\/png"}],"twitter_card":"summary_large_image","twitter_misc":{"Gesch\u00e4tzte Lesezeit":"4\u00a0Minuten"},"schema":{"@context":"https:\/\/schema.org","@graph":[{"@type":"WebPage","@id":"https:\/\/kcaudio.de\/service\/leistungen\/","url":"https:\/\/kcaudio.de\/service\/leistungen\/","name":"Leistungen &#187; KC:audio Veranstaltungstechnik mit Lager in Gr\u00fcndau","isPartOf":{"@id":"https:\/\/kcaudio.de\/service\/#website"},"primaryImageOfPage":{"@id":"https:\/\/kcaudio.de\/service\/leistungen\/#primaryimage"},"image":{"@id":"https:\/\/kcaudio.de\/service\/leistungen\/#primaryimage"},"thumbnailUrl":"https:\/\/kcaudio.de\/service\/wp-content\/uploads\/WEB_0517264-32-large.png","datePublished":"2020-04-23T18:18:03+00:00","dateModified":"2025-05-03T21:44:17+00:00","description":"Alle Leistungen rund um Licht- & Tontechnik, Konferenztechnik, Videotechnik, Energietechnik, Fachpersonal und Dry-Hire im Main-Kinzig-Kreis.","breadcrumb":{"@id":"https:\/\/kcaudio.de\/service\/leistungen\/#breadcrumb"},"inLanguage":"de","potentialAction":[{"@type":"ReadAction","target":["https:\/\/kcaudio.de\/service\/leistungen\/"]}]},{"@type":"ImageObject","inLanguage":"de","@id":"https:\/\/kcaudio.de\/service\/leistungen\/#primaryimage","url":"https:\/\/kcaudio.de\/service\/wp-content\/uploads\/WEB_0517264-32-large.png","contentUrl":"https:\/\/kcaudio.de\/service\/wp-content\/uploads\/WEB_0517264-32-large.png","width":1000,"height":586},{"@type":"BreadcrumbList","@id":"https:\/\/kcaudio.de\/service\/leistungen\/#breadcrumb","itemListElement":[{"@type":"ListItem","position":1,"name":"Home","item":"https:\/\/kcaudio.de\/service\/home\/"},{"@type":"ListItem","position":2,"name":"Leistungen"}]},{"@type":"WebSite","@id":"https:\/\/kcaudio.de\/service\/#website","url":"https:\/\/kcaudio.de\/service\/","name":"KC:audio Veranstaltungstechnik","description":"Veranstaltungstechnik im Rhein Main Gebiet","publisher":{"@id":"https:\/\/kcaudio.de\/service\/#organization"},"potentialAction":[{"@type":"SearchAction","target":{"@type":"EntryPoint","urlTemplate":"https:\/\/kcaudio.de\/service\/?s={search_term_string}"},"query-input":{"@type":"PropertyValueSpecification","valueRequired":true,"valueName":"search_term_string"}}],"inLanguage":"de"},{"@type":"Organization","@id":"https:\/\/kcaudio.de\/service\/#organization","name":"KC:audio","url":"https:\/\/kcaudio.de\/service\/","logo":{"@type":"ImageObject","inLanguage":"de","@id":"https:\/\/kcaudio.de\/service\/#\/schema\/logo\/image\/","url":"https:\/\/kcaudio.de\/service\/wp-content\/uploads\/web_youtube_head-gs-opti.jpg","contentUrl":"https:\/\/kcaudio.de\/service\/wp-content\/uploads\/web_youtube_head-gs-opti.jpg","width":1500,"height":844,"caption":"KC:audio"},"image":{"@id":"https:\/\/kcaudio.de\/service\/#\/schema\/logo\/image\/"},"sameAs":["https:\/\/facebook.com\/TonLichtService","https:\/\/www.instagram.com\/kcaudio_eventtechnik\/"]}]}},"_links":{"self":[{"href":"https:\/\/kcaudio.de\/service\/wp-json\/wp\/v2\/pages\/72","targetHints":{"allow":["GET"]}}],"collection":[{"href":"https:\/\/kcaudio.de\/service\/wp-json\/wp\/v2\/pages"}],"about":[{"href":"https:\/\/kcaudio.de\/service\/wp-json\/wp\/v2\/types\/page"}],"author":[{"embeddable":true,"href":"https:\/\/kcaudio.de\/service\/wp-json\/wp\/v2\/users\/3"}],"replies":[{"embeddable":true,"href":"https:\/\/kcaudio.de\/service\/wp-json\/wp\/v2\/comments?post=72"}],"version-history":[{"count":92,"href":"https:\/\/kcaudio.de\/service\/wp-json\/wp\/v2\/pages\/72\/revisions"}],"predecessor-version":[{"id":2813,"href":"https:\/\/kcaudio.de\/service\/wp-json\/wp\/v2\/pages\/72\/revisions\/2813"}],"wp:featuredmedia":[{"embeddable":true,"href":"https:\/\/kcaudio.de\/service\/wp-json\/wp\/v2\/media\/65"}],"wp:attachment":[{"href":"https:\/\/kcaudio.de\/service\/wp-json\/wp\/v2\/media?parent=72"}],"curies":[{"name":"wp","href":"https:\/\/api.w.org\/{rel}","templated":true}]}}